{"id":16465,"date":"2024-11-05T15:34:49","date_gmt":"2024-11-05T14:34:49","guid":{"rendered":"http:\/\/osteoparisien.com\/?page_id=16465"},"modified":"2024-12-06T08:59:26","modified_gmt":"2024-12-06T07:59:26","slug":"osteopathie-cranienne","status":"publish","type":"page","link":"https:\/\/osteoparisien.com\/es\/osteopathie-cranienne\/","title":{"rendered":"Osteopat\u00eda craneal"},"content":{"rendered":"<div data-elementor-type=\"wp-page\" data-elementor-id=\"16465\" class=\"elementor elementor-16465\">\n\t\t\t\t\t\t<section class=\"elementor-section elementor-top-section elementor-element elementor-element-cfa9842 elementor-section-full_width elementor-section-height-default elementor-section-height-default\" data-id=\"cfa9842\" data-element_type=\"section\" data-settings=\"{&quot;background_background&quot;:&quot;classic&quot;}\">\n\t\t\t\t\t\t\t<div class=\"elementor-background-overlay\"><\/div>\n\t\t\t\t\t\t\t<div class=\"elementor-container elementor-column-gap-default\">\n\t\t\t\t\t<div class=\"elementor-column elementor-col-100 elementor-top-column elementor-element elementor-element-70f5830\" data-id=\"70f5830\" data-element_type=\"column\" data-settings=\"{&quot;background_background&quot;:&quot;classic&quot;}\">\n\t\t\t<div class=\"elementor-widget-wrap elementor-element-populated\">\n\t\t\t\t\t\t<div class=\"elementor-element elementor-element-995dd6e elementor-widget elementor-widget-spacer\" data-id=\"995dd6e\" data-element_type=\"widget\" data-widget_type=\"spacer.default\">\n\t\t\t\t<div class=\"elementor-widget-container\">\n\t\t\t\t\t\t\t<div class=\"elementor-spacer\">\n\t\t\t<div class=\"elementor-spacer-inner\"><\/div>\n\t\t<\/div>\n\t\t\t\t\t\t<\/div>\n\t\t\t\t<\/div>\n\t\t\t\t<div class=\"elementor-element elementor-element-f8bbce7 elementor-widget elementor-widget-text-editor\" data-id=\"f8bbce7\" data-element_type=\"widget\" data-widget_type=\"text-editor.default\">\n\t\t\t\t<div class=\"elementor-widget-container\">\n\t\t\t\t\t\t\t\t\t<p>Osteopat\u00eda craneal<\/p>\t\t\t\t\t\t\t\t<\/div>\n\t\t\t\t<\/div>\n\t\t\t\t<div class=\"elementor-element elementor-element-cc17f01 elementor-widget elementor-widget-spacer\" data-id=\"cc17f01\" data-element_type=\"widget\" data-widget_type=\"spacer.default\">\n\t\t\t\t<div class=\"elementor-widget-container\">\n\t\t\t\t\t\t\t<div class=\"elementor-spacer\">\n\t\t\t<div class=\"elementor-spacer-inner\"><\/div>\n\t\t<\/div>\n\t\t\t\t\t\t<\/div>\n\t\t\t\t<\/div>\n\t\t\t\t\t<\/div>\n\t\t<\/div>\n\t\t\t\t\t<\/div>\n\t\t<\/section>\n\t\t\t\t<section class=\"elementor-section elementor-top-section elementor-element elementor-element-8d70c4e elementor-section-boxed elementor-section-height-default elementor-section-height-default\" data-id=\"8d70c4e\" data-element_type=\"section\" data-settings=\"{&quot;background_background&quot;:&quot;classic&quot;}\">\n\t\t\t\t\t\t\t<div class=\"elementor-background-overlay\"><\/div>\n\t\t\t\t\t\t\t<div class=\"elementor-container elementor-column-gap-default\">\n\t\t\t\t\t<div class=\"elementor-column elementor-col-100 elementor-top-column elementor-element elementor-element-9e4d80c\" data-id=\"9e4d80c\" data-element_type=\"column\">\n\t\t\t<div class=\"elementor-widget-wrap elementor-element-populated\">\n\t\t\t\t\t\t<div class=\"elementor-element elementor-element-ecefff5 elementor-widget elementor-widget-spacer\" data-id=\"ecefff5\" data-element_type=\"widget\" data-widget_type=\"spacer.default\">\n\t\t\t\t<div class=\"elementor-widget-container\">\n\t\t\t\t\t\t\t<div class=\"elementor-spacer\">\n\t\t\t<div class=\"elementor-spacer-inner\"><\/div>\n\t\t<\/div>\n\t\t\t\t\t\t<\/div>\n\t\t\t\t<\/div>\n\t\t\t\t<div class=\"elementor-element elementor-element-c183765 elementor-widget elementor-widget-text-editor\" data-id=\"c183765\" data-element_type=\"widget\" data-widget_type=\"text-editor.default\">\n\t\t\t\t<div class=\"elementor-widget-container\">\n\t\t\t\t\t\t\t\t\t<p>El cr\u00e1neo es una parte del cuerpo apreciada por los oste\u00f3patas.<\/p><p><span style=\"font-size: 20px;\">Es un conjunto que se examina con el fin de restablecer el equilibrio craneosacro.<\/span><\/p>\t\t\t\t\t\t\t\t<\/div>\n\t\t\t\t<\/div>\n\t\t\t\t<div class=\"elementor-element elementor-element-987f8a1 elementor-widget elementor-widget-spacer\" data-id=\"987f8a1\" data-element_type=\"widget\" data-widget_type=\"spacer.default\">\n\t\t\t\t<div class=\"elementor-widget-container\">\n\t\t\t\t\t\t\t<div class=\"elementor-spacer\">\n\t\t\t<div class=\"elementor-spacer-inner\"><\/div>\n\t\t<\/div>\n\t\t\t\t\t\t<\/div>\n\t\t\t\t<\/div>\n\t\t\t\t\t<\/div>\n\t\t<\/div>\n\t\t\t\t\t<\/div>\n\t\t<\/section>\n\t\t\t\t<section class=\"elementor-section elementor-top-section elementor-element elementor-element-c1066ee elementor-section-boxed elementor-section-height-default elementor-section-height-default\" data-id=\"c1066ee\" data-element_type=\"section\" data-settings=\"{&quot;background_background&quot;:&quot;classic&quot;}\">\n\t\t\t\t\t\t\t<div class=\"elementor-background-overlay\"><\/div>\n\t\t\t\t\t\t\t<div class=\"elementor-container elementor-column-gap-default\">\n\t\t\t\t\t<div class=\"elementor-column elementor-col-50 elementor-top-column elementor-element elementor-element-8aac818\" data-id=\"8aac818\" data-element_type=\"column\">\n\t\t\t<div class=\"elementor-widget-wrap elementor-element-populated\">\n\t\t\t\t\t\t<div class=\"elementor-element elementor-element-5b05296 elementor-widget elementor-widget-text-editor\" data-id=\"5b05296\" data-element_type=\"widget\" data-widget_type=\"text-editor.default\">\n\t\t\t\t<div class=\"elementor-widget-container\">\n\t\t\t\t\t\t\t\t\t<p style=\"font-weight: 400;\">A menudo oir\u00e1 a su oste\u00f3pata hablar sobre el cr\u00e1neo y el sacro. De hecho, es un todo que investigamos y reequilibramos para rearmonizar su cuerpo. Estos dos elementos est\u00e1n ubicados en los extremos de nuestro centro nervioso, la m\u00e9dula espinal. Cada uno interact\u00faa con m\u00faltiples sistemas.<\/p><p style=\"font-weight: 400;\">El cr\u00e1neo est\u00e1 estrechamente relacionado con la columna vertebral, particularmente con las v\u00e9rtebras cervicales, los hombros y la mand\u00edbula. Est\u00e1 conectado al sacro, ubicado en el extremo inferior de nuestra columna vertebral.<\/p><p style=\"font-weight: 400;\">El sacro forma un pedestal para nuestro esqueleto.\u00a0Est\u00e1 estrechamente relacionado con los \u00f3rganos de la pelvis, las piernas y la espalda. Encontramos un funcionamiento similar a nivel de estas dos zonas del cuerpo.<\/p>\t\t\t\t\t\t\t\t<\/div>\n\t\t\t\t<\/div>\n\t\t\t\t\t<\/div>\n\t\t<\/div>\n\t\t\t\t<div class=\"elementor-column elementor-col-50 elementor-top-column elementor-element elementor-element-9ae1266\" data-id=\"9ae1266\" data-element_type=\"column\">\n\t\t\t<div class=\"elementor-widget-wrap elementor-element-populated\">\n\t\t\t\t\t\t<div class=\"elementor-element elementor-element-d25d93f elementor-widget elementor-widget-image\" data-id=\"d25d93f\" data-element_type=\"widget\" data-widget_type=\"image.default\">\n\t\t\t\t<div class=\"elementor-widget-container\">\n\t\t\t\t\t\t\t\t\t\t\t\t\t\t\t<img fetchpriority=\"high\" decoding=\"async\" width=\"1024\" height=\"819\" src=\"https:\/\/osteoparisien.com\/wp-content\/uploads\/2024\/11\/Plan-de-travail-1-3-1024x819.png\" class=\"attachment-large size-large wp-image-16814\" alt=\"Ost\u00e9opathie cr\u00e2nienne\" srcset=\"https:\/\/osteoparisien.com\/wp-content\/uploads\/2024\/11\/Plan-de-travail-1-3-1024x819.png 1024w, https:\/\/osteoparisien.com\/wp-content\/uploads\/2024\/11\/Plan-de-travail-1-3-300x240.png 300w, https:\/\/osteoparisien.com\/wp-content\/uploads\/2024\/11\/Plan-de-travail-1-3-768x614.png 768w, https:\/\/osteoparisien.com\/wp-content\/uploads\/2024\/11\/Plan-de-travail-1-3-15x12.png 15w, https:\/\/osteoparisien.com\/wp-content\/uploads\/2024\/11\/Plan-de-travail-1-3.png 1280w\" sizes=\"(max-width: 1024px) 100vw, 1024px\" \/>\t\t\t\t\t\t\t\t\t\t\t\t\t\t\t<\/div>\n\t\t\t\t<\/div>\n\t\t\t\t\t<\/div>\n\t\t<\/div>\n\t\t\t\t\t<\/div>\n\t\t<\/section>\n\t\t\t\t<section class=\"elementor-section elementor-top-section elementor-element elementor-element-447337e elementor-section-boxed elementor-section-height-default elementor-section-height-default\" data-id=\"447337e\" data-element_type=\"section\" data-settings=\"{&quot;background_background&quot;:&quot;classic&quot;}\">\n\t\t\t\t\t\t\t<div class=\"elementor-background-overlay\"><\/div>\n\t\t\t\t\t\t\t<div class=\"elementor-container elementor-column-gap-default\">\n\t\t\t\t\t<div class=\"elementor-column elementor-col-100 elementor-top-column elementor-element elementor-element-76b28ba\" data-id=\"76b28ba\" data-element_type=\"column\">\n\t\t\t<div class=\"elementor-widget-wrap elementor-element-populated\">\n\t\t\t\t\t\t<div class=\"elementor-element elementor-element-74cd942 elementor-widget elementor-widget-spacer\" data-id=\"74cd942\" data-element_type=\"widget\" data-widget_type=\"spacer.default\">\n\t\t\t\t<div class=\"elementor-widget-container\">\n\t\t\t\t\t\t\t<div class=\"elementor-spacer\">\n\t\t\t<div class=\"elementor-spacer-inner\"><\/div>\n\t\t<\/div>\n\t\t\t\t\t\t<\/div>\n\t\t\t\t<\/div>\n\t\t\t\t<div class=\"elementor-element elementor-element-1bc70f5 elementor-widget elementor-widget-text-editor\" data-id=\"1bc70f5\" data-element_type=\"widget\" data-widget_type=\"text-editor.default\">\n\t\t\t\t<div class=\"elementor-widget-container\">\n\t\t\t\t\t\t\t\t\t<p style=\"font-weight: 400;\">Por eso es importante en caso de dolor en uno u otro armonizar su funcionamiento.<\/p><p style=\"font-weight: 400;\">La esfera craneal puede ser causa de diversos dolores:<\/p><ul style=\"font-weight: 400;\"><li>Dolores de cabeza (cefaleas), migra\u00f1as,<\/li><li>ligeros trastornos del equilibrio (mareos),<\/li><li>trastornos posturales (cifosis, escoliosis, hiperlordosis),<\/li><li>regurgitaci\u00f3n y trastornos del sue\u00f1o y del comportamiento en ni\u00f1os,<\/li><li>tinnitus de origen mec\u00e1nico,<\/li><li>problemas respiratorios relacionados con un tabique nasal desviado.<\/li><\/ul><p style=\"font-weight: 400;\">La osteopat\u00eda craneal act\u00faa en reci\u00e9n nacidos y ancianos y es compatible con otras terapias.\u00a0Es parte del seguimiento osteop\u00e1tico general.<\/p>\t\t\t\t\t\t\t\t<\/div>\n\t\t\t\t<\/div>\n\t\t\t\t<div class=\"elementor-element elementor-element-4bf7980 elementor-widget elementor-widget-spacer\" data-id=\"4bf7980\" data-element_type=\"widget\" data-widget_type=\"spacer.default\">\n\t\t\t\t<div class=\"elementor-widget-container\">\n\t\t\t\t\t\t\t<div class=\"elementor-spacer\">\n\t\t\t<div class=\"elementor-spacer-inner\"><\/div>\n\t\t<\/div>\n\t\t\t\t\t\t<\/div>\n\t\t\t\t<\/div>\n\t\t\t\t\t<\/div>\n\t\t<\/div>\n\t\t\t\t\t<\/div>\n\t\t<\/section>\n\t\t\t\t<section class=\"elementor-section elementor-top-section elementor-element elementor-element-d484816 elementor-section-boxed elementor-section-height-default elementor-section-height-default\" data-id=\"d484816\" data-element_type=\"section\" data-settings=\"{&quot;background_background&quot;:&quot;classic&quot;}\">\n\t\t\t\t\t\t\t<div class=\"elementor-background-overlay\"><\/div>\n\t\t\t\t\t\t\t<div class=\"elementor-container elementor-column-gap-default\">\n\t\t\t\t\t<div class=\"elementor-column elementor-col-100 elementor-top-column elementor-element elementor-element-df0c514\" data-id=\"df0c514\" data-element_type=\"column\">\n\t\t\t<div class=\"elementor-widget-wrap elementor-element-populated\">\n\t\t\t\t\t\t<div class=\"elementor-element elementor-element-55a0f19 elementor-widget elementor-widget-spacer\" data-id=\"55a0f19\" data-element_type=\"widget\" data-widget_type=\"spacer.default\">\n\t\t\t\t<div class=\"elementor-widget-container\">\n\t\t\t\t\t\t\t<div class=\"elementor-spacer\">\n\t\t\t<div class=\"elementor-spacer-inner\"><\/div>\n\t\t<\/div>\n\t\t\t\t\t\t<\/div>\n\t\t\t\t<\/div>\n\t\t\t\t<div class=\"elementor-element elementor-element-8da22e3 elementor-widget elementor-widget-text-editor\" data-id=\"8da22e3\" data-element_type=\"widget\" data-widget_type=\"text-editor.default\">\n\t\t\t\t<div class=\"elementor-widget-container\">\n\t\t\t\t\t\t\t\t\t<p style=\"font-weight: 400;\">Uno de nuestros objetivos es \u201chacer que lo espeso e inconstante sea fluido y estable\u201d, dice el Dr. Paul Alimi (m\u00e9dico oste\u00f3pata).<\/p>\t\t\t\t\t\t\t\t<\/div>\n\t\t\t\t<\/div>\n\t\t\t\t<div class=\"elementor-element elementor-element-19d6847 elementor-widget elementor-widget-spacer\" data-id=\"19d6847\" data-element_type=\"widget\" data-widget_type=\"spacer.default\">\n\t\t\t\t<div class=\"elementor-widget-container\">\n\t\t\t\t\t\t\t<div class=\"elementor-spacer\">\n\t\t\t<div class=\"elementor-spacer-inner\"><\/div>\n\t\t<\/div>\n\t\t\t\t\t\t<\/div>\n\t\t\t\t<\/div>\n\t\t\t\t\t<\/div>\n\t\t<\/div>\n\t\t\t\t\t<\/div>\n\t\t<\/section>\n\t\t\t\t<section class=\"elementor-section elementor-top-section elementor-element elementor-element-651b104 elementor-section-boxed elementor-section-height-default elementor-section-height-default\" data-id=\"651b104\" data-element_type=\"section\" data-settings=\"{&quot;background_background&quot;:&quot;classic&quot;}\">\n\t\t\t\t\t\t\t<div class=\"elementor-background-overlay\"><\/div>\n\t\t\t\t\t\t\t<div class=\"elementor-container elementor-column-gap-default\">\n\t\t\t\t\t<div class=\"elementor-column elementor-col-100 elementor-top-column elementor-element elementor-element-61bea83\" data-id=\"61bea83\" data-element_type=\"column\">\n\t\t\t<div class=\"elementor-widget-wrap elementor-element-populated\">\n\t\t\t\t\t\t<div class=\"elementor-element elementor-element-b3efde9 elementor-widget elementor-widget-spacer\" data-id=\"b3efde9\" data-element_type=\"widget\" data-widget_type=\"spacer.default\">\n\t\t\t\t<div class=\"elementor-widget-container\">\n\t\t\t\t\t\t\t<div class=\"elementor-spacer\">\n\t\t\t<div class=\"elementor-spacer-inner\"><\/div>\n\t\t<\/div>\n\t\t\t\t\t\t<\/div>\n\t\t\t\t<\/div>\n\t\t\t\t<div class=\"elementor-element elementor-element-a4f6aea elementor-widget elementor-widget-text-editor\" data-id=\"a4f6aea\" data-element_type=\"widget\" data-widget_type=\"text-editor.default\">\n\t\t\t\t<div class=\"elementor-widget-container\">\n\t\t\t\t\t\t\t\t\t<p style=\"font-weight: 400;\">Este art\u00edculo fue escrito por Diane P\u00e9legrin-Bomel.<\/p>\t\t\t\t\t\t\t\t<\/div>\n\t\t\t\t<\/div>\n\t\t\t\t<div class=\"elementor-element elementor-element-176b183 elementor-widget elementor-widget-spacer\" data-id=\"176b183\" data-element_type=\"widget\" data-widget_type=\"spacer.default\">\n\t\t\t\t<div class=\"elementor-widget-container\">\n\t\t\t\t\t\t\t<div class=\"elementor-spacer\">\n\t\t\t<div class=\"elementor-spacer-inner\"><\/div>\n\t\t<\/div>\n\t\t\t\t\t\t<\/div>\n\t\t\t\t<\/div>\n\t\t\t\t\t<\/div>\n\t\t<\/div>\n\t\t\t\t\t<\/div>\n\t\t<\/section>\n\t\t\t\t<\/div>","protected":false},"excerpt":{"rendered":"<p>Ost\u00e9opathie cr\u00e2nienne Le cr\u00e2ne est une partie du corps appr\u00e9ci\u00e9e des ost\u00e9opathes. C\u2019est un ensemble que l&rsquo;on examine afin de r\u00e9tablir l\u2019\u00e9quilibre cr\u00e2nio-sacr\u00e9. Vous entendrez souvent votre ost\u00e9opathe parler du cr\u00e2ne et du sacrum. En effet c\u2019est un ensemble que l\u2019on investigue et r\u00e9\u00e9quilibre afin de r\u00e9harmoniser votre corps. Ces deux \u00e9l\u00e9ments sont situ\u00e9s aux [&hellip;]<\/p>","protected":false},"author":4,"featured_media":0,"parent":0,"menu_order":0,"comment_status":"closed","ping_status":"closed","template":"","meta":{"footnotes":""},"class_list":["post-16465","page","type-page","status-publish","hentry","entry"],"jetpack_sharing_enabled":true,"_links":{"self":[{"href":"https:\/\/osteoparisien.com\/es\/wp-json\/wp\/v2\/pages\/16465","targetHints":{"allow":["GET"]}}],"collection":[{"href":"https:\/\/osteoparisien.com\/es\/wp-json\/wp\/v2\/pages"}],"about":[{"href":"https:\/\/osteoparisien.com\/es\/wp-json\/wp\/v2\/types\/page"}],"author":[{"embeddable":true,"href":"https:\/\/osteoparisien.com\/es\/wp-json\/wp\/v2\/users\/4"}],"replies":[{"embeddable":true,"href":"https:\/\/osteoparisien.com\/es\/wp-json\/wp\/v2\/comments?post=16465"}],"version-history":[{"count":0,"href":"https:\/\/osteoparisien.com\/es\/wp-json\/wp\/v2\/pages\/16465\/revisions"}],"wp:attachment":[{"href":"https:\/\/osteoparisien.com\/es\/wp-json\/wp\/v2\/media?parent=16465"}],"curies":[{"name":"wp","href":"https:\/\/api.w.org\/{rel}","templated":true}]}}